{"id":4487,"date":"2015-06-11T00:02:57","date_gmt":"2015-06-10T22:02:57","guid":{"rendered":"http:\/\/www.bielypotok.eu\/?page_id=4487"},"modified":"2015-06-11T00:25:03","modified_gmt":"2015-06-10T22:25:03","slug":"spevacka-skupina-ostro","status":"publish","type":"page","link":"https:\/\/www.bielypotok.eu\/?page_id=4487","title":{"rendered":"Spev\u00e1cka skupina Ostr\u00f4"},"content":{"rendered":"<p style=\"text-align: justify;\">Spev\u00e1cka skupina vznikla<strong> v\u00a0septembri 2014<\/strong> p\u00f4vodne v\u00a0\u010disto mu\u017eskom zlo\u017een\u00ed, nad\u0161encov folkl\u00f3ru, ktor\u00ed si radi zaspievaj\u00fa \u013eudov\u00e9 piesne. Dostala famili\u00e1rny <strong>n\u00e1zov Belansk\u00ed Alexandrovci<\/strong>. Pod veden\u00edm bratov Franti\u0161ka a\u00a0Stanislava Milana, ktor\u00ed zozbierali piesne od pam\u00e4tn\u00edkov z\u00a0Bieleho Potoka mala svoju <strong>premi\u00e9ru v\u00a0programe<\/strong>, ktor\u00fd sa uskuto\u010dnil v\u00a0KD v\u00a0Bielom Potoku a ktor\u00fd pripravil rod\u00e1k z\u00a0Bieleho Potoka <strong>p\u00e1n Karol Hrom\u00e1dka<\/strong>, pri pr\u00edle\u017eitosti svojho \u017eivotn\u00e9ho jubilea 70 rokov.<\/p>\n<p style=\"text-align: justify;\">\u00da\u010dinkovala aj v\u00a0tradi\u010dnom predviano\u010dnom <strong>programe Tajomn\u00e1 Viano\u010dn\u00e1 chv\u00ed\u013ea<\/strong>, spojenom s\u00a0ka\u017edoro\u010dn\u00fdm <strong>po\u017eehnan\u00edm Betlehema v\u00a0Bielom Potoku<\/strong>. Nezabudli sme ani na bl\u00edzky Vlkol\u00ednec, kde sme svoj\u00edm spevom obohatili tradi\u010dn\u00fa polno\u010dn\u00fa sv. om\u0161u.<\/p>\n<p style=\"text-align: justify;\">U\u017e roz\u0161\u00edren\u00e1 spev\u00e1cka skupina o\u00a0deti jej \u010dlenov, s\u00a0nov\u00fdm n\u00e1zvom <strong>Ostr\u00f4<\/strong>, sa <strong>03.05.2015<\/strong> z\u00fa\u010dastnila so svojim <strong>programom Fa\u0161iangy<\/strong> v\u00a0Bielom Potoku, region\u00e1lnej s\u00fa\u0165a\u017enej <strong>prehliadky dedinsk\u00fdch folkl\u00f3rnych skup\u00edn Nositelia Trad\u00edci\u00ed<\/strong> v\u00a0Liptovsk\u00fdch Slia\u010doch a\u00a0z\u00edskala tu bronzov\u00e9 p\u00e1smo.<\/p>\n<p style=\"text-align: justify;\">D\u0148a <strong>10.5.2015<\/strong> na sviatok v\u0161etk\u00fdch matiek \u00fa\u010dinkovala v\u00a0kult\u00farnych programoch v\u00a0Ludrovej a v\u00a0Bielom Potoku.<\/p>\n<p style=\"text-align: justify;\">Moment\u00e1lne je <strong>Fssk Ostr\u00f4 zlo\u017een\u00e1 zo 7 mu\u017eov, 3 diev\u010dat a\u00a03 muzikantov<\/strong> (husle, harmonika, kontrabas).<\/p>\n<p style=\"text-align: justify;\"><strong>Ve\u013emi radi priv\u00edtame nov\u00fdch \u010dlenov<\/strong>, ktor\u00ed maj\u00fa radi folkl\u00f3r a\u00a0folkl\u00f3rne zvyky a\u00a0chceli by prispie\u0165 k\u00a0tomu, aby tieto zvyky nezanikli, ale naopak, aby sa na ne nezabudlo a\u00a0pred\u00e1vali sa aj \u010fal\u0161\u00edm gener\u00e1ci\u00e1m.<\/p>\n<p><strong>Kontakt: <\/strong><\/p>\n<p><strong>Stanislav Milan<\/strong> \u2013 organiza\u010dn\u00fd ved\u00faci 0902 296\u00a0902,\u00a0<strong>Franti\u0161ek Milan<\/strong> \u2013 umeleck\u00fd ved\u00faci 0917 634 566<\/p>\nngg_shortcode_0_placeholder\n<p>&nbsp;<\/p>\n","protected":false},"excerpt":{"rendered":"<p>Spev\u00e1cka skupina vznikla v\u00a0septembri 2014 p\u00f4vodne v\u00a0\u010disto mu\u017eskom zlo\u017een\u00ed, nad\u0161encov folkl\u00f3ru, ktor\u00ed si radi zaspievaj\u00fa \u013eudov\u00e9 piesne. Dostala famili\u00e1rny n\u00e1zov Belansk\u00ed Alexandrovci. Pod veden\u00edm bratov Franti\u0161ka a\u00a0Stanislava Milana, ktor\u00ed zozbierali piesne od pam\u00e4tn\u00edkov z\u00a0Bieleho Potoka mala svoju premi\u00e9ru v\u00a0programe, ktor\u00fd sa uskuto\u010dnil v\u00a0KD v\u00a0Bielom Potoku a ktor\u00fd pripravil rod\u00e1k z\u00a0Bieleho &#8230;<\/p>\n","protected":false},"author":1,"featured_media":0,"parent":1099,"menu_order":8,"comment_status":"open","ping_status":"open","template":"","meta":{"ngg_post_thumbnail":0,"jetpack_post_was_ever_published":false,"footnotes":""},"class_list":["post-4487","page","type-page","status-publish","hentry"],"jetpack_shortlink":"https:\/\/wp.me\/P2I76G-1an","jetpack_sharing_enabled":true,"_links":{"self":[{"href":"https:\/\/www.bielypotok.eu\/index.php?rest_route=\/wp\/v2\/pages\/4487","targetHints":{"allow":["GET"]}}],"collection":[{"href":"https:\/\/www.bielypotok.eu\/index.php?rest_route=\/wp\/v2\/pages"}],"about":[{"href":"https:\/\/www.bielypotok.eu\/index.php?rest_route=\/wp\/v2\/types\/page"}],"author":[{"embeddable":true,"href":"https:\/\/www.bielypotok.eu\/index.php?rest_route=\/wp\/v2\/users\/1"}],"replies":[{"embeddable":true,"href":"https:\/\/www.bielypotok.eu\/index.php?rest_route=%2Fwp%2Fv2%2Fcomments&post=4487"}],"version-history":[{"count":7,"href":"https:\/\/www.bielypotok.eu\/index.php?rest_route=\/wp\/v2\/pages\/4487\/revisions"}],"predecessor-version":[{"id":4507,"href":"https:\/\/www.bielypotok.eu\/index.php?rest_route=\/wp\/v2\/pages\/4487\/revisions\/4507"}],"up":[{"embeddable":true,"href":"https:\/\/www.bielypotok.eu\/index.php?rest_route=\/wp\/v2\/pages\/1099"}],"wp:attachment":[{"href":"https:\/\/www.bielypotok.eu\/index.php?rest_route=%2Fwp%2Fv2%2Fmedia&parent=4487"}],"curies":[{"name":"wp","href":"https:\/\/api.w.org\/{rel}","templated":true}]}}