{"id":256,"date":"2012-07-16T22:52:25","date_gmt":"2012-07-16T22:52:25","guid":{"rendered":"http:\/\/www.bielypotok.eu\/?page_id=256"},"modified":"2014-02-27T19:28:31","modified_gmt":"2014-02-27T17:28:31","slug":"oz-centrum-belanov","status":"publish","type":"page","link":"https:\/\/www.bielypotok.eu\/?page_id=256","title":{"rendered":"OZ Centrum Belanov"},"content":{"rendered":"<p style=\"text-align: justify;\"><strong>OZ Centrum Belanov vzniklo v\u00a0roku 2009<\/strong> na z\u00e1klade snahy o o\u017eivenie kult\u00farneho, spolo\u010densk\u00e9ho a\u00a0duchovn\u00e9ho \u017eivota v\u00a0Bielom Potoku. Sklad\u00e1 sa zo skupiny \u013eud\u00ed, ktor\u00ed akt\u00edvne p\u00f4sobili (alebo e\u0161te p\u00f4sobia) v\u00a0RZ pri Z\u0160 Biely Potok. Inici\u00e1torom zalo\u017eenia a\u00a0s\u00fa\u010dasne aj <strong>predsedom je Vojtech Macko<\/strong>.<\/p>\n<p style=\"text-align: justify;\">Prv\u00fd impulz na zdru\u017eenie t\u00fdchto \u013eud\u00ed bola snaha<strong> o\u00a0zabr\u00e1nenie zru\u0161enia Z\u0160<\/strong>, \u010do aj svojou nezi\u0161tnou pomocou a\u00a0aktivitou dok\u00e1zali. Zalo\u017een\u00e9 OZ pod n\u00e1zvom Centrum Belanov sa za\u010dalo zaobera\u0165 aj in\u00fdmi aktivitami, ako pomoc de\u0165om a\u00a0ml\u00e1de\u017ei.<\/p>\n<p style=\"text-align: justify;\">Na\u0161tartovalo <strong>organizovanie nov\u00fdch projektov<\/strong>, ktor\u00e9 o\u017eivuj\u00fa dianie v Bielom Potoku.V kult\u00farno &#8211; duchovnej oblasti to je <strong>\u201eTajomn\u00e1 chv\u00ed\u013ea pri Betleheme\u201c<\/strong>. Postavenie Betlehemu so sv.rodinou v\u00a0\u017eivotnej ve\u013ekosti sprev\u00e1dzan\u00e9 kult\u00farnym programom Z\u0160, M\u0160 a\u00a0tie\u017e in\u00fdmi spolkami a\u00a0umelcami z\u00a0Bieleho Potoka. Do tejto oblasti patr\u00ed aj ka\u017edoro\u010dn\u00e1 ob\u013e\u00faben\u00e1 akcia <strong>\u201eStretnutie s\u00a0Mikul\u00e1\u0161om\u201c\u00a0<\/strong>pri rozsvietenom strom\u010deku pred KD .<\/p>\n<p style=\"text-align: justify;\">OZ Centrum Belanov od svojho zalo\u017eenia organizuje <strong>&#8222;Bielopotock\u00fd ples&#8220;<\/strong>. Z\u00a0\u013eudov\u00fdch trad\u00edci\u00ed obnovilo <strong>\u201eP\u00e1lenie j\u00e1nskych oh\u0148ov na Skalke\u201c<\/strong>, ktor\u00e1 bola po 30. rokoch znovu odhalen\u00e1. Toto zdru\u017eenie ka\u017edoro\u010dne organizuje environment\u00e1lny projekt <strong>&#8222;De\u0148 Zeme&#8220;<\/strong>, kde jednotlivci, spolky a\u00a0organiz\u00e1cie \u010distia okolie Bieleho Potoka, cyklochodn\u00edk a\u00a0brehy Rev\u00facej od Ru\u017eomberka a\u017e po Podsuch\u00fa.<\/p>\n<p style=\"text-align: justify;\">Z\u00a0d\u00f4vodu zabezpe\u010di\u0165 \u0161ir\u0161iu informovanos\u0165 ob\u010danov o aktivit\u00e1ch konan\u00fdch na Bielom Potoku a d\u00f4le\u017eit\u00fdch skuto\u010dnostiach bola vytvoren\u00e1 web str\u00e1nka\u00a0<strong><a href=\"http:\/\/www.bielypotok.eu\/\">www.bielypotok.eu<\/a><\/strong>, ktor\u00fa zalo\u017eili a\u00a0spravuj\u00fa <strong>Michal Uhrin a\u00a0Monika Mackov\u00e1<\/strong>.<\/p>\n<p style=\"text-align: justify;\">OZ v\u00a0spolupr\u00e1ci zo Z\u0160 a\u00a0akademick\u00fdmi umelcami organizuje okresn\u00fa v\u00fdtvarn\u00fa s\u00fa\u0165a\u017e pre M\u0160 a\u00a0Z\u0160 do IV.ro\u010d. <strong>&#8222;Netradi\u010dn\u00e9 jablko&#8220;<\/strong>.<\/p>\n<p style=\"text-align: justify;\">Centrum Belanov sa zap\u00e1ja do projektov v oblasti zmeny n\u00e1\u0161ho \u017eivotn\u00e9ho prostredia. Spolo\u010dnos\u0165 Mondi SCP s\u00fahlasila\u00a0 spolufinancova\u0165 projekt navrhnut\u00fd OZ <strong>na skr\u00e1\u0161lenie a zrevitalizovanie studni\u010dky Mos\u00farka<\/strong>, kde sa prezentoval aj miestny \u013eudov\u00fd rezb\u00e1r, \u010dlen Centrumu Belanov <strong>Albert \u0160imr\u00e1k<\/strong>.<\/p>\n<p style=\"text-align: justify;\">Ob\u010dianske zdru\u017eenie pom\u00e1ha aj pri organizovan\u00ed in\u00fdch akci\u00ed ako <strong>\u201eFujara znie Vlkol\u00edncom\u201c<\/strong> \u010di <strong>&#8222;Belansk\u00e1 15- ka&#8220;<\/strong>.<\/p>\n<p style=\"text-align: justify;\">Centrum Belanov je \u017eivotaschopn\u00e1 organiz\u00e1cia, ktor\u00e1 v\u00fdrazne pom\u00e1ha pri zlep\u0161ovan\u00ed kvality \u017eivota v\u00a0Bielom Potoku a\u00a0postupne sa rozrast\u00e1 aj o\u00a0\u010fal\u0161\u00edch akt\u00edvnych \u010dlenov.<\/p>\n","protected":false},"excerpt":{"rendered":"<p>OZ Centrum Belanov vzniklo v\u00a0roku 2009 na z\u00e1klade snahy o o\u017eivenie kult\u00farneho, spolo\u010densk\u00e9ho a\u00a0duchovn\u00e9ho \u017eivota v\u00a0Bielom Potoku. Sklad\u00e1 sa zo skupiny \u013eud\u00ed, ktor\u00ed akt\u00edvne p\u00f4sobili (alebo e\u0161te p\u00f4sobia) v\u00a0RZ pri Z\u0160 Biely Potok. Inici\u00e1torom zalo\u017eenia a\u00a0s\u00fa\u010dasne aj predsedom je Vojtech Macko. Prv\u00fd impulz na zdru\u017eenie t\u00fdchto \u013eud\u00ed bola snaha o\u00a0zabr\u00e1nenie &#8230;<\/p>\n","protected":false},"author":1,"featured_media":0,"parent":1099,"menu_order":1,"comment_status":"open","ping_status":"open","template":"","meta":{"ngg_post_thumbnail":0,"jetpack_post_was_ever_published":false,"footnotes":""},"class_list":["post-256","page","type-page","status-publish","hentry"],"jetpack_shortlink":"https:\/\/wp.me\/P2I76G-48","jetpack_sharing_enabled":true,"_links":{"self":[{"href":"https:\/\/www.bielypotok.eu\/index.php?rest_route=\/wp\/v2\/pages\/256","targetHints":{"allow":["GET"]}}],"collection":[{"href":"https:\/\/www.bielypotok.eu\/index.php?rest_route=\/wp\/v2\/pages"}],"about":[{"href":"https:\/\/www.bielypotok.eu\/index.php?rest_route=\/wp\/v2\/types\/page"}],"author":[{"embeddable":true,"href":"https:\/\/www.bielypotok.eu\/index.php?rest_route=\/wp\/v2\/users\/1"}],"replies":[{"embeddable":true,"href":"https:\/\/www.bielypotok.eu\/index.php?rest_route=%2Fwp%2Fv2%2Fcomments&post=256"}],"version-history":[{"count":6,"href":"https:\/\/www.bielypotok.eu\/index.php?rest_route=\/wp\/v2\/pages\/256\/revisions"}],"predecessor-version":[{"id":1757,"href":"https:\/\/www.bielypotok.eu\/index.php?rest_route=\/wp\/v2\/pages\/256\/revisions\/1757"}],"up":[{"embeddable":true,"href":"https:\/\/www.bielypotok.eu\/index.php?rest_route=\/wp\/v2\/pages\/1099"}],"wp:attachment":[{"href":"https:\/\/www.bielypotok.eu\/index.php?rest_route=%2Fwp%2Fv2%2Fmedia&parent=256"}],"curies":[{"name":"wp","href":"https:\/\/api.w.org\/{rel}","templated":true}]}}