{"id":245,"date":"2012-07-16T22:48:23","date_gmt":"2012-07-16T22:48:23","guid":{"rendered":"http:\/\/www.bielypotok.eu\/?page_id=245"},"modified":"2013-01-06T17:24:53","modified_gmt":"2013-01-06T15:24:53","slug":"cerveny-kriz","status":"publish","type":"page","link":"https:\/\/www.bielypotok.eu\/?page_id=245","title":{"rendered":"\u010cerven\u00fd kr\u00ed\u017e"},"content":{"rendered":"ngg_shortcode_0_placeholder\n<p><strong>Vznik \u010derven\u00e9ho kr\u00ed\u017ea v\u00a0Bielom Potoku:<\/strong><\/p>\n<p>Pani Marta Papar\u010d\u00edkov\u00e1 <strong>v roku 1939<\/strong> ako 15. ro\u010dn\u00e1 za\u010dala\u00a0 pracova\u0165 v\u00a0\u010dervenom kr\u00ed\u017ei. V\u00a0nede\u013eu po skon\u010den\u00ed sv\u00e4tej om\u0161e sa skupina mlad\u00fdch obyvate\u013eov Bieleho Potoka stret\u00e1vala v\u00a0dolnej \u010dasti po\u017eiarnej zbrojnice.<\/p>\n<p>Pred SNP sa t\u00e1to skupina ml\u00e1de\u017ee u\u010dila nar\u00e1ba\u0165 s\u00a0r\u00f4znym zdravotn\u00fdm materi\u00e1lom a r\u00f4zne zdravotn\u00e9 \u00fakony:<\/p>\n<ul>\n<li>vy\u010disti\u0165 rany,<\/li>\n<li>obv\u00e4zova\u0165 rany,<\/li>\n<li>poda\u0165 prv\u00fa pomoc,<\/li>\n<li>zastavi\u0165 krv\u00e1canie a\u00a0pod.<\/li>\n<\/ul>\n<p>Pou\u017e\u00edvali r\u00f4zne dostupn\u00e9 materi\u00e1ly:<\/p>\n<ul>\n<li>dom\u00e1ce pl\u00e1tno,<\/li>\n<li>lie\u010div\u00e9 bylinky a pod.<\/li>\n<\/ul>\n<p>T\u00edto mlad\u00ed \u013eudia sa aj akt\u00edvne zapojili do SNP. Bu\u010f ako priami \u00fa\u010dastn\u00edci alebo ako o\u0161etrovatelia.<\/p>\n<p>Najv\u00e4\u010d\u0161\u00ed rozvoj v\u00a0hist\u00f3rii zaznamenal \u010cK <strong>v\u00a070. a\u00a080.-tich<\/strong> rokoch. Predsedom v\u00a070. rokoch bol Alad\u00e1r Oravec, on odovzdal predsedn\u00edcku funkciu Vilme Mi\u0161\u00edkovej.<\/p>\n<p><strong>V\u00a01980<\/strong> a nasleduj\u00facich rokoch sa pravidelne organizovali spolo\u010dn\u00e9 odbery od bezplatn\u00fdch darcov. H\u013eadali sa\u00a0 prvodarci. \u0160kolili sa dobrovo\u013en\u00e9 zdravotn\u00e9 sestry na internom oddelen\u00ed v\u00a0\u0161t\u00e1tnej nemocnici. Brig\u00e1dy na z\u00edskanie pe\u0148az\u00ed na \u010dinnos\u0165 boli pravideln\u00e9:<\/p>\n<ul>\n<li>sadenie stromkov v\u00a0lesoch,<\/li>\n<li>hrabanie sena na po\u013enohospod\u00e1rskom dru\u017estve,<\/li>\n<li>poriadanie\u00a0 tane\u010dn\u00fdch z\u00e1bav<\/li>\n<\/ul>\n<p>V\u00a0\u010dervenom kr\u00ed\u017ei pracovala aj <strong>Marta Papar\u010d\u00edkov\u00e1 \u2013 dlhoro\u010dn\u00e1 pokladn\u00ed\u010dka, Pek\u00e1rov\u00e1 Anna a\u00a0Oravcov\u00e1 \u013dudmila<\/strong>. Vo funkci\u00e1ch predsedov sa vystriedali aj: <strong>Edita Pieckov\u00e1, Anna Stol\u00e1rov\u00e1 a\u00a0Helena Pastuchov\u00e1<\/strong>.<\/p>\n<p>V 90 rokoch\u00a0 nastal \u00fatlm v\u00a0\u010dinnosti \u010cK.\u00a0<strong>25.04.2003<\/strong> sa podarilo znova o\u017eivi\u0165\u00a0 \u010dinnos\u0165 S\u010cK v\u00a0Bielok Potoku. Vo funkcii <strong>predsedu p.Vilma Mi\u0161\u00edkov\u00e1<\/strong> s\u00a0\u010fal\u0161\u00edmi\u00a0spriaznen\u00fdmi du\u0161ami a\u00a0obnovili \u010dinnos\u0165 a\u00a0funguj\u00fa dodnes.<\/p>\n<p><em>V\u00fdbor:<\/em><br \/>\n<em>Predseda: <strong>Kleta Druskov\u00e1<\/strong><\/em><br \/>\n<em>Pokladn\u00edk: <strong>Vilma Mi\u0161\u00edkov\u00e1<\/strong><\/em><br \/>\n<em>\u010clenovia: <strong>Daniela Mackov\u00e1, Antonia Gregorov\u00e1, M\u00e1ria Oravcov\u00e1<\/strong><\/em><br \/>\n<em>Po\u010det \u010dlenov: <strong>14<\/strong><\/em><\/p>\n<p>&nbsp;<\/p>\n<h4><span style=\"color: #3366ff;\">2012<\/span><\/h4>\n<h4><strong>31. december 2012 &#8211; V\u00fdstup na Brankovsk\u00fd vodop\u00e1d<\/strong><\/h4>\nngg_shortcode_1_placeholder\n<p>&nbsp;<\/p>\n<h4><span style=\"color: #3366ff;\">2011<\/span><\/h4>\n<h4><strong>31. december 2011 &#8211; V\u00fdstup na Brankovsk\u00fd vodop\u00e1d<\/strong><\/h4>\nngg_shortcode_2_placeholder\n","protected":false},"excerpt":{"rendered":"<p>Vznik \u010derven\u00e9ho kr\u00ed\u017ea v\u00a0Bielom Potoku: Pani Marta Papar\u010d\u00edkov\u00e1 v roku 1939 ako 15. ro\u010dn\u00e1 za\u010dala\u00a0 pracova\u0165 v\u00a0\u010dervenom kr\u00ed\u017ei. V\u00a0nede\u013eu po skon\u010den\u00ed sv\u00e4tej om\u0161e sa skupina mlad\u00fdch obyvate\u013eov Bieleho Potoka stret\u00e1vala v\u00a0dolnej \u010dasti po\u017eiarnej zbrojnice. Pred SNP sa t\u00e1to skupina ml\u00e1de\u017ee u\u010dila nar\u00e1ba\u0165 s\u00a0r\u00f4znym zdravotn\u00fdm materi\u00e1lom a r\u00f4zne zdravotn\u00e9 \u00fakony: vy\u010disti\u0165 &#8230;<\/p>\n","protected":false},"author":1,"featured_media":0,"parent":1099,"menu_order":2,"comment_status":"open","ping_status":"open","template":"","meta":{"ngg_post_thumbnail":0,"jetpack_post_was_ever_published":false,"footnotes":""},"class_list":["post-245","page","type-page","status-publish","hentry"],"jetpack_shortlink":"https:\/\/wp.me\/P2I76G-3X","jetpack_sharing_enabled":true,"_links":{"self":[{"href":"https:\/\/www.bielypotok.eu\/index.php?rest_route=\/wp\/v2\/pages\/245","targetHints":{"allow":["GET"]}}],"collection":[{"href":"https:\/\/www.bielypotok.eu\/index.php?rest_route=\/wp\/v2\/pages"}],"about":[{"href":"https:\/\/www.bielypotok.eu\/index.php?rest_route=\/wp\/v2\/types\/page"}],"author":[{"embeddable":true,"href":"https:\/\/www.bielypotok.eu\/index.php?rest_route=\/wp\/v2\/users\/1"}],"replies":[{"embeddable":true,"href":"https:\/\/www.bielypotok.eu\/index.php?rest_route=%2Fwp%2Fv2%2Fcomments&post=245"}],"version-history":[{"count":18,"href":"https:\/\/www.bielypotok.eu\/index.php?rest_route=\/wp\/v2\/pages\/245\/revisions"}],"predecessor-version":[{"id":747,"href":"https:\/\/www.bielypotok.eu\/index.php?rest_route=\/wp\/v2\/pages\/245\/revisions\/747"}],"up":[{"embeddable":true,"href":"https:\/\/www.bielypotok.eu\/index.php?rest_route=\/wp\/v2\/pages\/1099"}],"wp:attachment":[{"href":"https:\/\/www.bielypotok.eu\/index.php?rest_route=%2Fwp%2Fv2%2Fmedia&parent=245"}],"curies":[{"name":"wp","href":"https:\/\/api.w.org\/{rel}","templated":true}]}}