{"id":120,"date":"2012-05-28T18:32:59","date_gmt":"2012-05-28T18:32:59","guid":{"rendered":"http:\/\/www.bielypotok.eu\/?page_id=120"},"modified":"2021-05-03T21:14:56","modified_gmt":"2021-05-03T19:14:56","slug":"den-zeme","status":"publish","type":"page","link":"https:\/\/www.bielypotok.eu\/?page_id=120","title":{"rendered":"De\u0148 Zeme"},"content":{"rendered":"<p style=\"text-align: justify;\"><strong>De\u0148 Zeme je de\u0148 venovan\u00fd Zemi, ktor\u00fd sa ka\u017edoro\u010dne kon\u00e1 22. apr\u00edla.<\/strong> Tento sviatok je ovplyvnen\u00fd p\u00f4vodn\u00fdmi d\u0148ami Zeme, ktor\u00e9 sa konali pri oslav\u00e1ch jarnej rovnodennosti, 21. marca, a oslavovali pr\u00edchod jari. V modernom po\u0148at\u00ed ide o ekologicky motivovan\u00fd sviatok, pripomenutie si na\u0161ej z\u00e1vislosti na cenn\u00fdch daroch poskytovan\u00e9 Zemou. Je potrebn\u00e9 si uvedomi\u0165, \u017ee <strong>zemsk\u00e9 zdroje nie s\u00fa nevy\u010derpate\u013en\u00e9<\/strong>, a preto sa treba venova\u0165 ot\u00e1zkam \u017eivotn\u00e9ho prostredia a prostredn\u00edctvom spolo\u010dn\u00e9ho celosvetov\u00e9ho \u00fasilia chr\u00e1ni\u0165 jej poklady pre bud\u00face gener\u00e1cie \u013eud\u00ed a ostatn\u00fdch tvorov \u017eij\u00facich na Zemi.<\/p>\n<p style=\"text-align: justify;\">Hist\u00f3ria vyhl\u00e1senia tohoto d\u0148a siaha do roku 1969, ke\u010f predov\u0161etk\u00fdm <strong>John McConnell<\/strong>&nbsp;za\u010dal vola\u0165 po vzniku medzin\u00e1rodn\u00e9ho d\u0148a Zeme a v r\u00e1mci t\u00fdchto sn\u00e1h vytvoril i <strong>vlajku Zeme<\/strong>. Prv\u00fd De\u0148 Zeme bol osl\u00e1ven\u00fd v San Francisku. Kampa\u0148 s t\u00fdmto sviatkom spojen\u00e1, si kl\u00e1dla za cie\u013e prenies\u0165 ot\u00e1zku ekol\u00f3gie&nbsp;do politick\u00fdch&nbsp;kruhov. <strong>Cie\u013eom bolo zv\u00fd\u0161i\u0165 energetick\u00fa \u00fa\u010dinnos\u0165, recyklova\u0165 odpadky&nbsp;a h\u013eada\u0165 obnovite\u013en\u00e9 zdroje energie.<\/strong> T\u00e1to akcia mala ve\u013ek\u00fd ohlas pr\u00e1ve medzi \u0161tudentami. <strong>Pre prv\u00fa oslavu D\u0147A ZEME bol vybran\u00fd d\u00e1tum 22. apr\u00edl.<\/strong><\/p>\n<h4><span style=\"color: #3366ff;\">1. m\u00e1j 2021<\/span><\/h4>\nngg_shortcode_0_placeholder\n<h4><span style=\"color: #3366ff;\">27. apr\u00edl 2019<\/span><\/h4>\nngg_shortcode_1_placeholder\n<h4><span style=\"color: #3366ff;\">22. apr\u00edl 2017<\/span><\/h4>\nngg_shortcode_2_placeholder\n<h4><span style=\"color: #3366ff;\">23. apr\u00edl 2016<\/span><\/h4>\n<p><iframe loading=\"lazy\" src=\"https:\/\/www.youtube.com\/embed\/0VHLv0Y0Z_M\" width=\"400\" height=\"225\" frameborder=\"0\" allowfullscreen=\"allowfullscreen\"><\/iframe><\/p>\n<h4><span style=\"color: #3366ff;\">25. apr\u00edl 2015<\/span><\/h4>\nngg_shortcode_3_placeholder\n<h4><span style=\"color: #3366ff;\">26. apr\u00edl 2014<\/span><\/h4>\nngg_shortcode_4_placeholder\n<h4><span style=\"color: #3366ff; font-size: 1em;\">20. apr\u00edl 2013<\/span><\/h4>\n<p style=\"text-align: justify;\">D\u0148a&nbsp;<strong>20. apr\u00edla 2013<\/strong>&nbsp;sa uskuto\u010dnilo avizovan\u00e9&nbsp;<strong>\u201etradi\u010dn\u00e9 jarn\u00e9 upratovanie\u201c<\/strong>&nbsp;pri pr\u00edle\u017eitosti celosvetov\u00e9ho&nbsp;<strong>D\u0148a Zeme.<\/strong><\/p>\n<p style=\"text-align: justify;\">Sme ve\u013emi radi, \u017ee n\u00e1m prialo po\u010dasie, \u010do ur\u010dite prispelo k dobrej n\u00e1lade nielen mal\u00fdch det\u00ed, ale aj ve\u013ek\u00e9ho po\u010dtu d\u00f4chodcov.&nbsp;<strong>Chceme sa \u00faprimne po\u010fakova\u0165 v\u0161etk\u00fdm z\u00fa\u010dastnen\u00fdm tohtoro\u010dn\u00e9ho u\u017e III. ro\u010dn\u00edka D\u0148a Zeme.<\/strong>&nbsp;Aj \u010d\u00edslo okolo 120 sved\u010d\u00ed o tom, \u017ee mnoh\u00fdm \u013eu\u010fom nie je \u013eahostajn\u00e9 okolie Bieleho Potoka a brehy Rev\u00facej.<\/p>\n<p style=\"text-align: justify;\">V\u010faka v\u0161etk\u00fdm&nbsp;<strong>organiz\u00e1torom<\/strong>&nbsp;(OZ Centrum Belanov, Z\u0160 Belianka a Klubu Ru\u017eomberok bez korupcie) za ich pr\u00e1cu s pr\u00edpravou a priebehom tejto akcie. Nesmieme zabudn\u00fa\u0165 po\u010fakova\u0165&nbsp;<strong>pracovn\u00edkom Povodia V\u00e1hu<\/strong>&nbsp;za spolupr\u00e1cu a vyvezenie vyzbieran\u00fdch vriec odpadu. V neposlednom rade po\u010fakovanie patr\u00ed aj&nbsp;<strong>Technick\u00fdm slu\u017eb\u00e1m<\/strong>.<\/p>\n<p style=\"text-align: justify;\">Pevne ver\u00edme, \u017ee sa takto stretneme aj o rok a e\u0161te v hojnej\u0161om po\u010dte.<\/p>\n<p style=\"text-align: justify;\"><strong>A e\u0161te \u010d\u00edsla:<\/strong><\/p>\n<p style=\"text-align: justify;\">okolo 500 vriec odpadu<br \/>\ncca 2,5 tony odpadu<\/p>\n<p style=\"text-align: justify;\">ngg_shortcode_5_placeholder<\/p>\n<h4><span style=\"color: #3366ff; font-size: 1em; text-align: justify;\">21. apr\u00edl 2012<\/span><\/h4>\n<p><strong><span style=\"color: #ff6600;\">Pozrite si video z akcie<\/span><\/strong><br \/>\n<iframe loading=\"lazy\" src=\"http:\/\/www.youtube.com\/embed\/AwqjBxyVq98\" width=\"400\" height=\"300\" frameborder=\"0\"><\/iframe><\/p>\nngg_shortcode_6_placeholder\n<h4><span style=\"color: #3366ff;\">30. apr\u00edl 2011<\/span><\/h4>\nngg_shortcode_7_placeholder\n<h4><strong style=\"color: #3366ff; font-size: 1em;\">26. apr\u00edl 2010<\/strong><\/h4>\n<p><iframe loading=\"lazy\" src=\"http:\/\/www.youtube.com\/embed\/oCkMEQB_Qhs\" width=\"400\" height=\"300\" frameborder=\"0\"><\/iframe><\/p>\n","protected":false},"excerpt":{"rendered":"<p>De\u0148 Zeme je de\u0148 venovan\u00fd Zemi, ktor\u00fd sa ka\u017edoro\u010dne kon\u00e1 22. apr\u00edla. Tento sviatok je ovplyvnen\u00fd p\u00f4vodn\u00fdmi d\u0148ami Zeme, ktor\u00e9 sa konali pri oslav\u00e1ch jarnej rovnodennosti, 21. marca, a oslavovali pr\u00edchod jari. V modernom po\u0148at\u00ed ide o ekologicky motivovan\u00fd sviatok, pripomenutie si na\u0161ej z\u00e1vislosti na cenn\u00fdch daroch poskytovan\u00e9 Zemou. Je &#8230;<\/p>\n","protected":false},"author":1,"featured_media":0,"parent":110,"menu_order":3,"comment_status":"open","ping_status":"open","template":"","meta":{"ngg_post_thumbnail":0,"jetpack_post_was_ever_published":false,"footnotes":""},"class_list":["post-120","page","type-page","status-publish","hentry"],"jetpack_shortlink":"https:\/\/wp.me\/P2I76G-1W","jetpack_sharing_enabled":true,"_links":{"self":[{"href":"https:\/\/www.bielypotok.eu\/index.php?rest_route=\/wp\/v2\/pages\/120","targetHints":{"allow":["GET"]}}],"collection":[{"href":"https:\/\/www.bielypotok.eu\/index.php?rest_route=\/wp\/v2\/pages"}],"about":[{"href":"https:\/\/www.bielypotok.eu\/index.php?rest_route=\/wp\/v2\/types\/page"}],"author":[{"embeddable":true,"href":"https:\/\/www.bielypotok.eu\/index.php?rest_route=\/wp\/v2\/users\/1"}],"replies":[{"embeddable":true,"href":"https:\/\/www.bielypotok.eu\/index.php?rest_route=%2Fwp%2Fv2%2Fcomments&post=120"}],"version-history":[{"count":34,"href":"https:\/\/www.bielypotok.eu\/index.php?rest_route=\/wp\/v2\/pages\/120\/revisions"}],"predecessor-version":[{"id":13729,"href":"https:\/\/www.bielypotok.eu\/index.php?rest_route=\/wp\/v2\/pages\/120\/revisions\/13729"}],"up":[{"embeddable":true,"href":"https:\/\/www.bielypotok.eu\/index.php?rest_route=\/wp\/v2\/pages\/110"}],"wp:attachment":[{"href":"https:\/\/www.bielypotok.eu\/index.php?rest_route=%2Fwp%2Fv2%2Fmedia&parent=120"}],"curies":[{"name":"wp","href":"https:\/\/api.w.org\/{rel}","templated":true}]}}