{"id":11387,"date":"2018-11-16T17:27:38","date_gmt":"2018-11-16T15:27:38","guid":{"rendered":"http:\/\/www.bielypotok.eu\/?page_id=11387"},"modified":"2018-11-16T17:31:41","modified_gmt":"2018-11-16T15:31:41","slug":"osobnosti-bp","status":"publish","type":"page","link":"https:\/\/www.bielypotok.eu\/?page_id=11387","title":{"rendered":"Osobnosti BP"},"content":{"rendered":"<h4 style=\"text-align: left;\" align=\"center\">Doc. Pavol Rusko, akademick\u00fd maliar<\/h4>\nngg_shortcode_0_placeholder\n<p style=\"text-align: justify;\">Akademick\u00fd maliar Pavol Rusko sa narodil <strong>v roku 1961<\/strong>, je rod\u00e1kom z&nbsp;Bieleho Potoka. Po absolvovan\u00ed \u0161t\u00fadi\u00ed na v\u00fdtvarnom odbore Strednej priemyselnej \u0161kole textilnej pokra\u010doval na Vysokej \u0161kole v\u00fdtvarn\u00fdch umen\u00ed v Bratislave, kde v roku 1987 absolvoval odbor textil.<\/p>\n<p style=\"text-align: justify;\">Po ukon\u010den\u00ed \u0161t\u00fadia pripravil vy\u0161e dvadsa\u0165 autorsk\u00fdch v\u00fdstav doma a \u010fal\u0161\u00edch desa\u0165 v zahrani\u010d\u00ed. Z\u00fa\u010dastnil sa aj na nieko\u013ek\u00fdch zahrani\u010dn\u00fdch symp\u00f3zi\u00e1ch a workshopoch. Jeho diela s\u00fa zast\u00fapen\u00e9 <strong>v zbierkach Gal\u00e9rie P. M. Boh\u00fa\u0148a<\/strong> v Liptovskom Mikul\u00e1\u0161i, <strong>Oravskej gal\u00e9rie<\/strong> v Dolnom Kub\u00edne, <strong>v Norton Priory Museum<\/strong> vo Ve\u013ekej Brit\u00e1nii, <strong>Savaria Museum Szombathely<\/strong> v Ma\u010farsku, <strong>Ama Calabria<\/strong> v Taliansku, <strong>Kamogawa City<\/strong> v Japonsku a \u010fal\u0161\u00edch miestach.<\/p>\n<p style=\"text-align: justify;\">Od roku 1992 sa venuje aj pedagogickej \u010dinnosti, v s\u00fa\u010dasnosti <strong>p\u00f4sob\u00ed na Katedre v\u00fdtvarnej v\u00fdchovy na Pedagogickej fakulte Katol\u00edckej univerzity<\/strong> v Ru\u017eomberku. ngg_shortcode_1_placeholder&nbsp;Venuje sa textilu a textiln\u00e9mu dizajnu, komornej ma\u013ebe, kresbe a grafike, tvorbe objektov a interi\u00e9rovej architekt\u00fary i grafick\u00e9mu dizajnu. Popri pedagogickej \u010dinnosti pravidelne vystavuje a&nbsp;z\u00fa\u010dast\u0148uje sa umeleck\u00fdch symp\u00f3zi\u00ed a&nbsp;workshopov doma i&nbsp;v&nbsp;zahrani\u010d\u00ed.<\/p>\n<p style=\"text-align: justify;\">Ako rod\u00e1k z Bieleho Potoka, akademick\u00fd maliar Pavol Rusko, <strong>prevzal patron\u00e1t nad na\u0161ou \u0161kolou Belianka<\/strong> a&nbsp;je aj &nbsp;autorom loga \u0161koly.<\/p>\n<p><iframe loading=\"lazy\" src=\"\/\/www.youtube.com\/embed\/Yi_jvv_MZDM\" width=\"400\" height=\"300\" frameborder=\"0\" data-mce-fragment=\"1\"><\/iframe><\/p>\n<h4 style=\"text-align: justify;\">Miroslav Barto\u0161<\/h4>\nngg_shortcode_2_placeholder\n<blockquote>\n<p style=\"text-align: justify;\">V&nbsp;starovek\u00fdch kult\u00farach jej kr\u00e1su a&nbsp;neoby\u010dajn\u00e9 schopnosti vyjadrovali symbolikou a&nbsp;atrib\u00fatmi boh\u00fd\u0148. Mnoh\u00e9 zn\u00e1me maliarske i&nbsp;soch\u00e1rske diela s\u00fa dodnes vzorom, mierkou estetick\u00e9ho hodnotenia a&nbsp;st\u00e1le patria do na\u0161ej pr\u00edtomnosti. Kr\u00e1sa \u017eeny vizu\u00e1lne najpln\u0161ie vynikne v&nbsp;tanci, lebo tvarov\u00e1 ladnos\u0165 sa n\u00edm rozv\u00edja v priestore i&nbsp;v&nbsp;\u010dase, na pl\u00e1tne mo\u017eno s\u00edce nazna\u010di\u0165 len zlomok pohybu, no aj ten odha\u013euje \u00fa\u017easn\u00e9 v\u00fdrazov\u00e9 mo\u017enosti \u017eensk\u00e9ho tela.<\/p>\n<p style=\"text-align: justify;\">Pre m\u0148a je prirodzen\u00e1 kr\u00e1sa \u017eeny v&nbsp;tom najkomplexnej\u0161om ch\u00e1pan\u00ed&nbsp; tak\u00e1 d\u00f4le\u017eit\u00e1, ako z\u00e1kladn\u00e9 \u017eivly univerza: svetlo, voda, ohe\u0148 (energia), zem.<\/p>\n<\/blockquote>\n<p>&nbsp;<\/p>\n<p style=\"text-align: justify;\">Narodil sa <strong>v&nbsp;roku 1949<\/strong> v&nbsp;Ru\u017eomberku. Vo v\u00fdtvarnej tvorbe sa v&nbsp;minul\u00fdch desa\u0165ro\u010diach venoval najm\u00e4 pr\u00edrodn\u00fdm mot\u00edvom. Na ich z\u00e1klade pre\u0161iel <strong>do cyklu \u0161tylizovan\u00fdch z\u00e1hrad s&nbsp;fig\u00farou, torzom, stopami po \u010dinnosti \u010dloveka<\/strong>. \u010eal\u0161ou jeho ob\u013e\u00fabenou t\u00e9mou <strong>je voda, jej h\u013abky a&nbsp;odlesky, pr\u00fadenie, \u017eivel<\/strong>, ktor\u00fd s\u00faznie s&nbsp;jeho temperamentom, my\u0161lienkami a&nbsp;pocitmi. Farebn\u00e9 l\u00ednie a&nbsp;\u0161trukt\u00fary presahuj\u00fa vonkaj\u0161iu realitu a&nbsp;st\u00e1vaj\u00fa sa z\u00e1znamami emocion\u00e1lnych z\u00e1\u017eitkov alebo znakmi my\u0161lienok. Poetick\u00e9 predstavy vlo\u017eil do p\u00f4sobiv\u00fdch kol\u00e1\u017e\u00ed <strong>v&nbsp;cykle Solitudo<\/strong> a&nbsp;do cyklu asociat\u00edvnych&nbsp; kompoz\u00edci\u00ed &nbsp;<strong>B\u00e1se\u0148 v&nbsp;obraze<\/strong>.<\/p>\n<p>V&nbsp;maliarskom prejave mu najviac vyhovuj\u00fa techniky <strong>ma\u013eby akvarelom a&nbsp;pastelom<\/strong>, ale tvor\u00ed aj <strong>technikami akrylu a&nbsp;olejoma\u013eby<\/strong>. S\u00fa\u010das\u0165ou jeho tvoriv\u00e9ho sebavyjadrenia s\u00fa <strong>kresby<\/strong>, v&nbsp;ktor\u00fdch reflektuje osobn\u00e9 i&nbsp;spolo\u010densk\u00e9 udalosti. Vyzna\u010duj\u00fa sa spont\u00e1nnos\u0165ou vedenia l\u00ednie, pri\u010dom ich spolo\u010dn\u00fdm znakom je lyrick\u00fd v\u00fdraz a&nbsp;poetiz\u00e1cia reality. Kresby \u010dasto umoc\u0148uje ver\u0161ami, s\u00fa\u010dasne vznik\u00e1 b\u00e1snick\u00fd text i obraz. Kresba sa tak prirodzene st\u00e1va ilustr\u00e1ciou jeho kn\u00edh. Podobn\u00fa \u00falohu plnia i&nbsp;farebn\u00e9 kol\u00e1\u017ee, ktor\u00e9 s\u00fa obrazov\u00fdm podkladom pre vznik b\u00e1sn\u00ed.<\/p>\n<p>Vy\u0161tudoval <strong>FF UPJ\u0160 v&nbsp;Pre\u0161ove<\/strong> v\u00fdtvarn\u00fa v\u00fdchovu a&nbsp;slovensk\u00fd jazyk. Pracoval ako <strong>redaktor vo V\u00fdchodoslovenskom vydavate\u013estve v&nbsp;Ko\u0161iciach<\/strong>, tie\u017e ako <strong>odborn\u00fd pracovn\u00edk v&nbsp;Liter\u00e1rno-m\u00fazejnom oddelen\u00ed MS v&nbsp;Martine<\/strong>. Tri desa\u0165ro\u010dia p\u00f4sobil ako <strong>v\u00fdtvarn\u00fd pedag\u00f3g v&nbsp;PaSA Tur\u010dianske Teplice.<\/strong><\/p>\n<p>Vydal b\u00e1snick\u00e9 zbierky: <strong><em>V&nbsp;letokruhu (1976)<\/em>, <em>S&nbsp;vami (1985), Kto \u0165a pohlad\u00ed (2003), Anna (2006, Solitudo \/trochu soli tu do ver\u0161ov\/ (2009), Rados\u0165(2012).<\/em><\/strong><\/p>\nngg_shortcode_3_placeholder\n<p><em>V&nbsp;roku 2007 mu vy\u0161la<\/em> &nbsp;zbierka lyrick\u00fdch pr\u00f3z a esej\u00ed <strong><em>Ob\u00ed\u010f svoj de\u0148. <\/em><\/strong>&nbsp;<strong>Je \u010dlenom Spolku slovensk\u00fdch spisovate\u013eov<\/strong>. Uskuto\u010dnil <strong>vy\u0161e 30 autorsk\u00fdch v\u00fdstav<\/strong>&nbsp;na Slovensku i&nbsp;v&nbsp;\u010cech\u00e1ch a&nbsp;e\u0161te viac kolekt\u00edvnych v\u00fdstav. &nbsp;<strong>Je \u010dlenom Zdru\u017eenia v\u00fdtvarn\u00fdch umelcov stredn\u00e9ho Slovenska<\/strong> (patr\u00ed pod Asoci\u00e1ciu slovensk\u00e9ho umenia), z\u00fa\u010dast\u0148uje sa jeho spolo\u010dn\u00fdch prezenta\u010dn\u00fdch a&nbsp;tvoriv\u00fdch akci\u00ed. <strong>Je kur\u00e1torom v\u00fdstav v&nbsp;GMG.<\/strong><\/p>\n<p style=\"text-align: justify;\">Viac <a title=\"mb art\" href=\"http:\/\/www.mb-art.eu\/\" target=\"_blank\" rel=\"noopener\"><strong>na webovej str\u00e1nke autora<\/strong>.<\/a><\/p>\n<h4 style=\"text-align: justify;\">Alad\u00e1r Oravec<\/h4>\n<p style=\"text-align: justify;\">Liptov patr\u00ed k&nbsp;najkraj\u0161\u00edm k\u00fatom Slovenska. Je charakteristick\u00fd hrd\u00fdmi \u0161t\u00edtmi h\u00f4r, spevom horsk\u00fdch bystr\u00edn, pestrou fl\u00f3rou i&nbsp;faunou. A&nbsp;tak\u00ed s\u00fa aj tunaj\u0161\u00ed \u013eudia. Hrd\u00ed, spevav\u00ed aj tich\u00ed a&nbsp;pracovit\u00ed.<\/p>\n<p style=\"text-align: justify;\">Tak\u00fd bol aj n\u00e1\u0161 rod\u00e1k z&nbsp;Bieleho Potoka <strong>Alad\u00e1r Oravec<\/strong> (1928 &#8211; 1996).&nbsp; Profesion\u00e1lny vojak, d\u00f4stojn\u00edk \u010cS\u013dA. Ako profesion\u00e1l si svoje povinnosti plnil s&nbsp;vojenskou discipl\u00ednou, presnos\u0165ou, ale s&nbsp;ve\u013ekou d\u00e1vkou \u013eudskosti a&nbsp;porozumenia. Vojakom v&nbsp;dobrom zmysle slova ostal aj po odchode z&nbsp;arm\u00e1dy \u2013 zo zdravotn\u00fdch d\u00f4vodov.<\/p>\n<p style=\"text-align: justify;\">Vedel&nbsp; organizova\u0165, nadchn\u00fa\u0165, zanieti\u0165, pom\u00f4c\u0165, poradi\u0165, pote\u0161i\u0165, poveda\u0165 povzbudzuj\u00face slov\u00e1, ale i&nbsp;pouk\u00e1za\u0165 na probl\u00e9my a&nbsp;nedostatky, z\u00e1rove\u0148 citlivo vyslovi\u0165 kritiku a&nbsp;h\u013eada\u0165 mo\u017enosti rie\u0161enia. Mo\u017eno nevy\u010derp\u00e1me v\u0161etky jeho aktivity, ale pok\u00fasime sa ich pribl\u00ed\u017ei\u0165.<\/p>\n<p style=\"text-align: justify;\">V&nbsp;70. \u2013 80. rokoch bol <strong>predseda \u010cerven\u00e9ho kr\u00ed\u017ea<\/strong>. Pod jeho akt\u00edvnym veden\u00edm sa pravidelne organizovali spolo\u010dn\u00e9 odbery bezplatn\u00fdch darcov, h\u013eadali prvodarcovia, \u0161kolili dobrovo\u013en\u00e9 zdravotn\u00e9 sestry. \u010clenovia a&nbsp;sympatizanti \u010cK organizovali brig\u00e1dy na rozvoj a&nbsp;zve\u013eadenie obce. Tieto aktivity postupne prispelik skuto\u010dnosti, \u017ee sa stal gestorom kult\u00farneho a&nbsp;spolo\u010densk\u00e9ho \u017eivota v&nbsp;obci.<\/p>\n<p style=\"text-align: justify;\">Bol roden\u00fd <strong>hudobn\u00edk<\/strong> a jeho l\u00e1ska k&nbsp;muzic\u00edrovaniu ho viedla v&nbsp;polovici 80-tych rokov k&nbsp;zakladate\u013eom spevokolu v&nbsp;obci v ktorom p\u00f4sobil ako zbormajster.<\/p>\n<p style=\"text-align: justify;\">Jeho ve\u013ekou l\u00e1skou bolo ochotn\u00edcke divadlo. S&nbsp;obrovsk\u00fdm zanieten\u00edm sledoval s\u00fadob\u00fa i&nbsp;star\u0161iu dramatick\u00fa tvorbu, vymie\u0148al si sk\u00fasenosti s&nbsp;okolit\u00fdmi ochotn\u00edkmi. P\u00e1trav\u00fdm okom h\u013eadal medzi mlad\u00fdmi i&nbsp;t\u00fdmi sk\u00f4r naroden\u00fdmi vhodn\u00e9 typy hercov a&nbsp;jeho divadlo bolo srdcovkou celej obce. Jedni hrali, druh\u00ed sa starali o&nbsp;kulisy, \u010fal\u0161\u00ed pomohli s&nbsp;technikou, ale v\u0161etci boli nad\u0161enci a ostatn\u00ed v\u00fdborn\u00ed div\u00e1ci, ale aj kritici s&nbsp;dobr\u00fdm \u00famyslom. Ako <strong>talentovan\u00fd re\u017eis\u00e9r<\/strong> to dotiahol so svojimi ochotn\u00edkmi a\u017e na celoslovensk\u00fa prehliadku ochotn\u00edckych s\u00faborov \u2013 Sc\u00e9nick\u00e1 \u017eatva s&nbsp;veselohrou J\u00e1na Pal\u00e1rika Dobrodru\u017estvo pri ob\u017einkoch. Z\u00edskal cenu za r\u00e9\u017eiu aj sc\u00e9nografiu, ale najm\u00e4 pocit dobre vykonanej pr\u00e1ce. Na\u0161tudoval tie\u017e &nbsp;lyrick\u00fa kom\u00e9diu&nbsp; Mykola Zarudnyja A vietor n\u00e1m d\u00e1 kr\u00eddla&#8230;, veselohru Carla Goldoniho Vtipn\u00e1 sl\u00fa\u017eka, hru nemeck\u00e9ho dramatika Rainera Kerndla \u0160trn\u00e1ste leto.<\/p>\n<p style=\"text-align: justify;\">\u010eal\u0161ou jeho kapitolou bol <strong>\u0161port<\/strong>. Dlh\u00e9 roky pracoval vo v\u00fdbore TJ, vyd\u00e1val spravodaj, resp. s\u00e1m ho zostavoval po ka\u017edej \u0161portovej akcii. Od roku 1975 bol jedn\u00fdm z&nbsp;prv\u00fdch spoluzakladate\u013eov pretekov Od pam\u00e4tn\u00edka k&nbsp;pam\u00e4tn\u00edku (teraj\u0161ia Belianska p\u00e4tn\u00e1stka). Okrem \u010dlenstva v&nbsp;organiza\u010dnom v\u00fdbore bol aj ich koment\u00e1torom.<\/p>\n<p style=\"text-align: justify;\">V&nbsp;roku 1990 bol zvolen\u00fd za poslanca mestsk\u00e9ho zastupite\u013estva a&nbsp;z\u00e1rove\u0148 za predsedu v\u00fdboru Ms\u010c Biely Potok. \u013dudia mu prejavili d\u00f4veru, verili v&nbsp;jeho \u013eudsk\u00fa d\u00f4stojnos\u0165, rozh\u013eadenos\u0165, empatiu a prirodzen\u00fa autoritu. Roky rok\u00face poznali jeho pracovitos\u0165, odu\u0161evnenie a&nbsp;nezlomnos\u0165. Pr\u00e1vom a&nbsp;zasl\u00fa\u017eene st\u00e1l na \u010dele Bieleho Potoka a\u017e do konca svojho \u017eivota.<\/p>\n","protected":false},"excerpt":{"rendered":"<p>Doc. Pavol Rusko, akademick\u00fd maliar Akademick\u00fd maliar Pavol Rusko sa narodil v roku 1961, je rod\u00e1kom z&nbsp;Bieleho Potoka. Po absolvovan\u00ed \u0161t\u00fadi\u00ed na v\u00fdtvarnom odbore Strednej priemyselnej \u0161kole textilnej pokra\u010doval na Vysokej \u0161kole v\u00fdtvarn\u00fdch umen\u00ed v Bratislave, kde v roku 1987 absolvoval odbor textil. Po ukon\u010den\u00ed \u0161t\u00fadia pripravil vy\u0161e dvadsa\u0165 autorsk\u00fdch &#8230;<\/p>\n","protected":false},"author":1,"featured_media":0,"parent":10,"menu_order":4,"comment_status":"closed","ping_status":"closed","template":"","meta":{"ngg_post_thumbnail":0,"jetpack_post_was_ever_published":false,"footnotes":""},"class_list":["post-11387","page","type-page","status-publish","hentry"],"jetpack_shortlink":"https:\/\/wp.me\/P2I76G-2XF","jetpack_sharing_enabled":true,"_links":{"self":[{"href":"https:\/\/www.bielypotok.eu\/index.php?rest_route=\/wp\/v2\/pages\/11387","targetHints":{"allow":["GET"]}}],"collection":[{"href":"https:\/\/www.bielypotok.eu\/index.php?rest_route=\/wp\/v2\/pages"}],"about":[{"href":"https:\/\/www.bielypotok.eu\/index.php?rest_route=\/wp\/v2\/types\/page"}],"author":[{"embeddable":true,"href":"https:\/\/www.bielypotok.eu\/index.php?rest_route=\/wp\/v2\/users\/1"}],"replies":[{"embeddable":true,"href":"https:\/\/www.bielypotok.eu\/index.php?rest_route=%2Fwp%2Fv2%2Fcomments&post=11387"}],"version-history":[{"count":4,"href":"https:\/\/www.bielypotok.eu\/index.php?rest_route=\/wp\/v2\/pages\/11387\/revisions"}],"predecessor-version":[{"id":11394,"href":"https:\/\/www.bielypotok.eu\/index.php?rest_route=\/wp\/v2\/pages\/11387\/revisions\/11394"}],"up":[{"embeddable":true,"href":"https:\/\/www.bielypotok.eu\/index.php?rest_route=\/wp\/v2\/pages\/10"}],"wp:attachment":[{"href":"https:\/\/www.bielypotok.eu\/index.php?rest_route=%2Fwp%2Fv2%2Fmedia&parent=11387"}],"curies":[{"name":"wp","href":"https:\/\/api.w.org\/{rel}","templated":true}]}}